{"id":1167,"date":"2013-04-05T13:33:38","date_gmt":"2013-04-05T11:33:38","guid":{"rendered":"http:\/\/www.kriesi.at\/themes\/enfold\/?page_id=1167"},"modified":"2020-02-11T23:20:30","modified_gmt":"2020-02-11T22:20:30","slug":"contacto","status":"publish","type":"page","link":"https:\/\/www.lacubadebaco.com\/bodega\/contacto\/","title":{"rendered":"Contacto"},"content":{"rendered":"\n<div  class='flex_column av-av_one_full-2a9015ff38129c418a3f2eafba3e9512 av_one_full  avia-builder-el-1  el_after_av_sidebar  el_before_av_heading  first flex_column_div  '     ><p>\n<style type=\"text\/css\" data-created_by=\"avia_inline_auto\" id=\"style-css-av-av_heading-972f4895d22aefcc7e2924047a559600\">\n#top .av-special-heading.av-av_heading-972f4895d22aefcc7e2924047a559600{\npadding-bottom:10px;\n}\nbody .av-special-heading.av-av_heading-972f4895d22aefcc7e2924047a559600 .av-special-heading-tag .heading-char{\nfont-size:25px;\n}\n.av-special-heading.av-av_heading-972f4895d22aefcc7e2924047a559600 .av-subheading{\nfont-size:10px;\n}\n<\/style>\n<div  class='av-special-heading av-av_heading-972f4895d22aefcc7e2924047a559600 av-special-heading-h3 meta-heading  avia-builder-el-2  el_before_av_textblock  avia-builder-el-first '><h3 class='av-special-heading-tag '  itemprop=\"headline\"  >Tel\u00e9fono<\/h3><div class=\"special-heading-border\"><div class=\"special-heading-inner-border\"><\/div><\/div><\/div><br \/>\n<section  class='av_textblock_section av-av_textblock-0366cc7376be6c9e82a3e9cc8987b64f '   itemscope=\"itemscope\" itemtype=\"https:\/\/schema.org\/CreativeWork\" ><div class='avia_textblock'  itemprop=\"text\" ><h3 style=\"text-align: left;\"><\/h3>\n<h3 style=\"text-align: left;\"><strong>657 854 870<\/strong><\/h3>\n<\/div><\/section><br \/>\n\n<style type=\"text\/css\" data-created_by=\"avia_inline_auto\" id=\"style-css-av-av_heading-2032d9656a4abca86cc6099bd864c2db\">\n#top .av-special-heading.av-av_heading-2032d9656a4abca86cc6099bd864c2db{\npadding-bottom:10px;\n}\nbody .av-special-heading.av-av_heading-2032d9656a4abca86cc6099bd864c2db .av-special-heading-tag .heading-char{\nfont-size:25px;\n}\n.av-special-heading.av-av_heading-2032d9656a4abca86cc6099bd864c2db .av-subheading{\nfont-size:10px;\n}\n<\/style>\n<div  class='av-special-heading av-av_heading-2032d9656a4abca86cc6099bd864c2db av-special-heading-h3 meta-heading  avia-builder-el-4  el_after_av_textblock  el_before_av_contact '><h3 class='av-special-heading-tag '  itemprop=\"headline\"  >Formulario de contacto<\/h3><div class=\"special-heading-border\"><div class=\"special-heading-inner-border\"><\/div><\/div><\/div><br \/>\n<form action=\"https:\/\/www.lacubadebaco.com\/bodega\/contacto\/\" method=\"post\" data-fields-with-error=\"Found errors in the following field(s):\" class=\"avia_ajax_form av-form-labels-visible   avia-builder-el-5  el_after_av_heading  avia-builder-el-last   \" data-avia-form-id=\"1\" data-avia-redirect='' ><fieldset><p class='  first_form  form_element form_element_half' id='element_avia_1_1'><label for=\"avia_1_1\">Nombre <abbr class=\"required\" title=\"requerido\">*<\/abbr><\/label> <input name=\"avia_1_1\" class=\"text_input is_empty\" type=\"text\" id=\"avia_1_1\" value=\"\" \/><\/p><p class='  form_element form_element_half' id='element_avia_2_1'><label for=\"avia_2_1\">E-Mail <abbr class=\"required\" title=\"requerido\">*<\/abbr><\/label> <input name=\"avia_2_1\" class=\"text_input is_email\" type=\"text\" id=\"avia_2_1\" value=\"\" \/><\/p><p class='  first_form  form_element form_element_half' id='element_avia_3_1'><label for=\"avia_3_1\">Tel\u00e9fono<\/label> <input name=\"avia_3_1\" class=\"text_input \" type=\"text\" id=\"avia_3_1\" value=\"\" \/><\/p><p class='  first_form  form_element form_fullwidth' id='element_avia_4_1'><label for=\"avia_4_1\">Asunto <abbr class=\"required\" title=\"requerido\">*<\/abbr><\/label> <input name=\"avia_4_1\" class=\"text_input is_empty\" type=\"text\" id=\"avia_4_1\" value=\"\" \/><\/p><p class='  first_form  form_element form_fullwidth' id='element_avia_5_1'><label for=\"avia_5_1\" class=\"textare_label hidden textare_label_avia_5_1\">Mensaje <abbr class=\"required\" title=\"requerido\">*<\/abbr><\/label><textarea  name=\"avia_5_1\" class=\"text_area is_empty\" cols=\"40\" rows=\"7\" id=\"avia_5_1\" ><\/textarea><\/p><p class='  first_form  form_element form_fullwidth av-last-visible-form-element' id='element_avia_6_1'><input  name=\"avia_6_1\" class=\"input_checkbox is_empty\" type=\"checkbox\" id=\"avia_6_1\" value=\"true\"\/><label class=\"input_checkbox_label\" for=\"avia_6_1\">He le\u00eddo y acepto la pol\u00edtica de protecci\u00f3n de datos <abbr class=\"required\" title=\"requerido\">*<\/abbr><\/label><\/p><p class=\"hidden\"><input type=\"text\" name=\"avia_7_1\" class=\"hidden \" id=\"avia_7_1\" value=\"\" \/><\/p><p class=\"form_element \"><input type=\"hidden\" value=\"1\" name=\"avia_generated_form1\" \/><input type=\"submit\" value=\"Enviar\" class=\"button\"  data-sending-label=\"Enviando\"\/><\/p><\/fieldset><\/form><div id=\"ajaxresponse_1\" class=\"ajaxresponse ajaxresponse_1 hidden\"><\/div><\/p><\/div>\n\n<style type=\"text\/css\" data-created_by=\"avia_inline_auto\" id=\"style-css-av-av_heading-089233958787069476f32d982f33f1d6\">\n#top .av-special-heading.av-av_heading-089233958787069476f32d982f33f1d6{\npadding-bottom:10px;\n}\nbody .av-special-heading.av-av_heading-089233958787069476f32d982f33f1d6 .av-special-heading-tag .heading-char{\nfont-size:25px;\n}\n.av-special-heading.av-av_heading-089233958787069476f32d982f33f1d6 .av-subheading{\nfont-size:10px;\n}\n<\/style>\n<div  class='av-special-heading av-av_heading-089233958787069476f32d982f33f1d6 av-special-heading-h3 meta-heading  avia-builder-el-6  el_after_av_one_full  el_before_av_textblock '><h3 class='av-special-heading-tag '  itemprop=\"headline\"  >Pol\u00edtica de protecci\u00f3n de datos<\/h3><div class=\"special-heading-border\"><div class=\"special-heading-inner-border\"><\/div><\/div><\/div>\n<section  class='av_textblock_section av-av_textblock-0366cc7376be6c9e82a3e9cc8987b64f '   itemscope=\"itemscope\" itemtype=\"https:\/\/schema.org\/CreativeWork\" ><div class='avia_textblock'  itemprop=\"text\" ><table style=\"height: 695px;\" width=\"695\">\n<tbody>\n<tr>\n<td width=\"440\"><strong><u>Responsable del tratamiento<\/u><\/strong>: Los datos tratados en el presente formulario, ser\u00e1n tratados por la empresa LA CUBA DE BACO con domicilio en AVD\/ FONTANILLA, 3- 3 1C\u00a0 28250 -TORRELODONES (MADRID) como Responsable del Tratamiento de los datos.<\/p>\n<p><strong><u>Finalidad<\/u><\/strong>: Le queremos informar que la finalidad de los datos recogidos es la gesti\u00f3n de usuarios de la p\u00e1gina web.<\/p>\n<p><strong><u>Legitimaci\u00f3n<\/u><\/strong>: todas las finalidades indicadas anteriormente est\u00e1n basadas en el consentimiento (art\u00edculo 6.1.a RGPD) otorgado marcando la correspondiente casilla de verificaci\u00f3n. Sus datos personales ser\u00e1n tratados en base a nuestra \u201c<u><a href=\"http:\/\/www.lacubadebaco.com\/bodega\/?page_id=4234\">pol\u00edtica de privacidad<\/a>\u201d<\/u><\/p>\n<p><strong><u>Negativa otorgar el consentimiento:<\/u><\/strong> El hecho de que no introduzcas los datos que aparecen marcados como obligatorios en el formulario tendr\u00e1 como consecuencia la no atenci\u00f3n de su solicitud.<\/p>\n<p><strong><u>Destinatarios<\/u><\/strong><strong>: <\/strong>Sus datos no ser\u00e1n cedidos a ninguna empresa, salvo obligaci\u00f3n legal.<\/p>\n<p><strong><u>Derechos<\/u><\/strong>: Puede acceder, rectificar y suprimir sus datos, portabilidad de los datos, limitaci\u00f3n u oposici\u00f3n a su tratamiento, derecho a no ser objeto de decisiones automatizadas, as\u00ed como a obtener informaci\u00f3n clara y transparente sobre el tratamiento de sus datos, tal como se explica en la informaci\u00f3n adicional.<\/p>\n<p><strong><u>Derecho a presentar una reclamaci\u00f3n ante la Autoridad de Control (AEPD):<\/u><\/strong> Desde LA CUBA DE BACO ponemos el m\u00e1ximo empe\u00f1o para cumplir con la normativa de protecci\u00f3n de datos dado que es el activo m\u00e1s valioso para nosotros. No obstante, le informamos que en caso de que usted entienda que sus derechos se han visto menoscabados, puede escribirnos a la siguiente cuenta de correo electr\u00f3nico <a href=\"mailto:info@lacubadebaco.com\">info@lacubadebaco.com<\/a>, o subsidiariamente presentar una reclamaci\u00f3n ante la Agencia Espa\u00f1ola de Protecci\u00f3n de Datos (AEPD).<\/p>\n<p><strong><u>Informaci\u00f3n adicional<\/u><\/strong>: Puede consultar la informaci\u00f3n adicional y detallada sobre protecci\u00f3n de Datos en nuestra p\u00e1gina web: WWW.LACUBADEBACO.COM \/\/ WWW.LACUBADEBACO.ES<\/td>\n<\/tr>\n<\/tbody>\n<\/table>\n<\/div><\/section>\n<div  class='avia-button-wrap av-av_button-24ee984a0f22f525f6ed3918ad0855fb-wrap avia-button-center  avia-builder-el-8  el_after_av_textblock  avia-builder-el-last '><a href=' http:\/\/www.lacubadebaco.com\/bodega\/?page_id=4234&amp;preview=true'  class='avia-button av-av_button-24ee984a0f22f525f6ed3918ad0855fb av-link-btn avia-icon_select-yes-left-icon avia-size-small avia-position-center avia-color-theme-color'  target=\"_blank\"  rel=\"noopener noreferrer\"  aria-label=\"Pol\u00edtica de protecci\u00f3n de datos\"><span class='avia_button_icon avia_button_icon_left avia-iconfont avia-font-entypo-fontello' data-av_icon='\ue81f' data-av_iconfont='entypo-fontello' ><\/span><span class='avia_iconbox_title' >Pol\u00edtica de protecci\u00f3n de datos<\/span><\/a><\/div>\n","protected":false},"excerpt":{"rendered":"","protected":false},"author":1,"featured_media":0,"parent":0,"menu_order":120,"comment_status":"open","ping_status":"closed","template":"","meta":{"_exactmetrics_skip_tracking":false,"_exactmetrics_sitenote_active":false,"_exactmetrics_sitenote_note":"","_exactmetrics_sitenote_category":0,"footnotes":""},"class_list":["post-1167","page","type-page","status-publish","hentry"],"yoast_head":"<!-- This site is optimized with the Yoast SEO plugin v27.0 - https:\/\/yoast.com\/product\/yoast-seo-wordpress\/ -->\n<title>Contacto - Comprar vino | Arag\u00f3n y Navarra | La Cuba de Baco<\/title>\n<meta name=\"description\" content=\"Comprar vino de Arag\u00f3n | Comprar vino de Navarra\" \/>\n<meta name=\"robots\" content=\"index, follow, max-snippet:-1, max-image-preview:large, max-video-preview:-1\" \/>\n<link rel=\"canonical\" href=\"https:\/\/www.lacubadebaco.com\/bodega\/contacto\/\" \/>\n<meta property=\"og:locale\" content=\"es_ES\" \/>\n<meta property=\"og:type\" content=\"article\" \/>\n<meta property=\"og:title\" content=\"Contacto - Comprar vino | Arag\u00f3n y Navarra | La Cuba de Baco\" \/>\n<meta property=\"og:description\" content=\"Comprar vino de Arag\u00f3n | Comprar vino de Navarra\" \/>\n<meta property=\"og:url\" content=\"https:\/\/www.lacubadebaco.com\/bodega\/contacto\/\" \/>\n<meta property=\"og:site_name\" content=\"Comprar vino | Arag\u00f3n y Navarra | La Cuba de Baco\" \/>\n<meta property=\"article:modified_time\" content=\"2020-02-11T22:20:30+00:00\" \/>\n<meta name=\"twitter:card\" content=\"summary_large_image\" \/>\n<meta name=\"twitter:label1\" content=\"Tiempo de lectura\" \/>\n\t<meta name=\"twitter:data1\" content=\"3 minutos\" \/>\n<script type=\"application\/ld+json\" class=\"yoast-schema-graph\">{\"@context\":\"https:\/\/schema.org\",\"@graph\":[{\"@type\":\"WebPage\",\"@id\":\"https:\/\/www.lacubadebaco.com\/bodega\/contacto\/\",\"url\":\"https:\/\/www.lacubadebaco.com\/bodega\/contacto\/\",\"name\":\"Contacto - Comprar vino | Arag\u00f3n y Navarra | La Cuba de Baco\",\"isPartOf\":{\"@id\":\"https:\/\/www.lacubadebaco.com\/bodega\/#website\"},\"datePublished\":\"2013-04-05T11:33:38+00:00\",\"dateModified\":\"2020-02-11T22:20:30+00:00\",\"description\":\"Comprar vino de Arag\u00f3n | Comprar vino de Navarra\",\"breadcrumb\":{\"@id\":\"https:\/\/www.lacubadebaco.com\/bodega\/contacto\/#breadcrumb\"},\"inLanguage\":\"es\",\"potentialAction\":[{\"@type\":\"ReadAction\",\"target\":[\"https:\/\/www.lacubadebaco.com\/bodega\/contacto\/\"]}]},{\"@type\":\"BreadcrumbList\",\"@id\":\"https:\/\/www.lacubadebaco.com\/bodega\/contacto\/#breadcrumb\",\"itemListElement\":[{\"@type\":\"ListItem\",\"position\":1,\"name\":\"Portada\",\"item\":\"https:\/\/www.lacubadebaco.com\/bodega\/home-v8-frontpage-shop\/\"},{\"@type\":\"ListItem\",\"position\":2,\"name\":\"Contacto\"}]},{\"@type\":\"WebSite\",\"@id\":\"https:\/\/www.lacubadebaco.com\/bodega\/#website\",\"url\":\"https:\/\/www.lacubadebaco.com\/bodega\/\",\"name\":\"Comprar vino | Arag\u00f3n y Navarra | La Cuba de Baco\",\"description\":\"Comprar vino de Arag\u00f3n | Comprar vino de Navarra | Tienda de vino online de Navarra  y Arag\u00f3n | La Cuba de Baco\",\"publisher\":{\"@id\":\"https:\/\/www.lacubadebaco.com\/bodega\/#organization\"},\"potentialAction\":[{\"@type\":\"SearchAction\",\"target\":{\"@type\":\"EntryPoint\",\"urlTemplate\":\"https:\/\/www.lacubadebaco.com\/bodega\/?s={search_term_string}\"},\"query-input\":{\"@type\":\"PropertyValueSpecification\",\"valueRequired\":true,\"valueName\":\"search_term_string\"}}],\"inLanguage\":\"es\"},{\"@type\":\"Organization\",\"@id\":\"https:\/\/www.lacubadebaco.com\/bodega\/#organization\",\"name\":\"La Cuba de Baco\",\"url\":\"https:\/\/www.lacubadebaco.com\/bodega\/\",\"logo\":{\"@type\":\"ImageObject\",\"inLanguage\":\"es\",\"@id\":\"https:\/\/www.lacubadebaco.com\/bodega\/#\/schema\/logo\/image\/\",\"url\":\"https:\/\/www.lacubadebaco.com\/bodega\/wp-content\/uploads\/2014\/01\/logoslider.png\",\"contentUrl\":\"https:\/\/www.lacubadebaco.com\/bodega\/wp-content\/uploads\/2014\/01\/logoslider.png\",\"width\":440,\"height\":256,\"caption\":\"La Cuba de Baco\"},\"image\":{\"@id\":\"https:\/\/www.lacubadebaco.com\/bodega\/#\/schema\/logo\/image\/\"}}]}<\/script>\n<!-- \/ Yoast SEO plugin. -->","yoast_head_json":{"title":"Contacto - Comprar vino | Arag\u00f3n y Navarra | La Cuba de Baco","description":"Comprar vino de Arag\u00f3n | Comprar vino de Navarra","robots":{"index":"index","follow":"follow","max-snippet":"max-snippet:-1","max-image-preview":"max-image-preview:large","max-video-preview":"max-video-preview:-1"},"canonical":"https:\/\/www.lacubadebaco.com\/bodega\/contacto\/","og_locale":"es_ES","og_type":"article","og_title":"Contacto - Comprar vino | Arag\u00f3n y Navarra | La Cuba de Baco","og_description":"Comprar vino de Arag\u00f3n | Comprar vino de Navarra","og_url":"https:\/\/www.lacubadebaco.com\/bodega\/contacto\/","og_site_name":"Comprar vino | Arag\u00f3n y Navarra | La Cuba de Baco","article_modified_time":"2020-02-11T22:20:30+00:00","twitter_card":"summary_large_image","twitter_misc":{"Tiempo de lectura":"3 minutos"},"schema":{"@context":"https:\/\/schema.org","@graph":[{"@type":"WebPage","@id":"https:\/\/www.lacubadebaco.com\/bodega\/contacto\/","url":"https:\/\/www.lacubadebaco.com\/bodega\/contacto\/","name":"Contacto - Comprar vino | Arag\u00f3n y Navarra | La Cuba de Baco","isPartOf":{"@id":"https:\/\/www.lacubadebaco.com\/bodega\/#website"},"datePublished":"2013-04-05T11:33:38+00:00","dateModified":"2020-02-11T22:20:30+00:00","description":"Comprar vino de Arag\u00f3n | Comprar vino de Navarra","breadcrumb":{"@id":"https:\/\/www.lacubadebaco.com\/bodega\/contacto\/#breadcrumb"},"inLanguage":"es","potentialAction":[{"@type":"ReadAction","target":["https:\/\/www.lacubadebaco.com\/bodega\/contacto\/"]}]},{"@type":"BreadcrumbList","@id":"https:\/\/www.lacubadebaco.com\/bodega\/contacto\/#breadcrumb","itemListElement":[{"@type":"ListItem","position":1,"name":"Portada","item":"https:\/\/www.lacubadebaco.com\/bodega\/home-v8-frontpage-shop\/"},{"@type":"ListItem","position":2,"name":"Contacto"}]},{"@type":"WebSite","@id":"https:\/\/www.lacubadebaco.com\/bodega\/#website","url":"https:\/\/www.lacubadebaco.com\/bodega\/","name":"Comprar vino | Arag\u00f3n y Navarra | La Cuba de Baco","description":"Comprar vino de Arag\u00f3n | Comprar vino de Navarra | Tienda de vino online de Navarra  y Arag\u00f3n | La Cuba de Baco","publisher":{"@id":"https:\/\/www.lacubadebaco.com\/bodega\/#organization"},"potentialAction":[{"@type":"SearchAction","target":{"@type":"EntryPoint","urlTemplate":"https:\/\/www.lacubadebaco.com\/bodega\/?s={search_term_string}"},"query-input":{"@type":"PropertyValueSpecification","valueRequired":true,"valueName":"search_term_string"}}],"inLanguage":"es"},{"@type":"Organization","@id":"https:\/\/www.lacubadebaco.com\/bodega\/#organization","name":"La Cuba de Baco","url":"https:\/\/www.lacubadebaco.com\/bodega\/","logo":{"@type":"ImageObject","inLanguage":"es","@id":"https:\/\/www.lacubadebaco.com\/bodega\/#\/schema\/logo\/image\/","url":"https:\/\/www.lacubadebaco.com\/bodega\/wp-content\/uploads\/2014\/01\/logoslider.png","contentUrl":"https:\/\/www.lacubadebaco.com\/bodega\/wp-content\/uploads\/2014\/01\/logoslider.png","width":440,"height":256,"caption":"La Cuba de Baco"},"image":{"@id":"https:\/\/www.lacubadebaco.com\/bodega\/#\/schema\/logo\/image\/"}}]}},"_links":{"self":[{"href":"https:\/\/www.lacubadebaco.com\/bodega\/wp-json\/wp\/v2\/pages\/1167","targetHints":{"allow":["GET"]}}],"collection":[{"href":"https:\/\/www.lacubadebaco.com\/bodega\/wp-json\/wp\/v2\/pages"}],"about":[{"href":"https:\/\/www.lacubadebaco.com\/bodega\/wp-json\/wp\/v2\/types\/page"}],"author":[{"embeddable":true,"href":"https:\/\/www.lacubadebaco.com\/bodega\/wp-json\/wp\/v2\/users\/1"}],"replies":[{"embeddable":true,"href":"https:\/\/www.lacubadebaco.com\/bodega\/wp-json\/wp\/v2\/comments?post=1167"}],"version-history":[{"count":40,"href":"https:\/\/www.lacubadebaco.com\/bodega\/wp-json\/wp\/v2\/pages\/1167\/revisions"}],"predecessor-version":[{"id":5304,"href":"https:\/\/www.lacubadebaco.com\/bodega\/wp-json\/wp\/v2\/pages\/1167\/revisions\/5304"}],"wp:attachment":[{"href":"https:\/\/www.lacubadebaco.com\/bodega\/wp-json\/wp\/v2\/media?parent=1167"}],"curies":[{"name":"wp","href":"https:\/\/api.w.org\/{rel}","templated":true}]}}