{"id":4234,"date":"2017-10-07T20:58:01","date_gmt":"2017-10-07T18:58:01","guid":{"rendered":"http:\/\/www.lacubadebaco.com\/bodega\/?page_id=4234"},"modified":"2024-04-28T22:24:14","modified_gmt":"2024-04-28T20:24:14","slug":"politica-de-proteccion-de-datos","status":"publish","type":"page","link":"https:\/\/www.lacubadebaco.com\/bodega\/politica-de-proteccion-de-datos\/","title":{"rendered":"Pol\u00edtica de protecci\u00f3n de datos"},"content":{"rendered":"\n<style type=\"text\/css\" data-created_by=\"avia_inline_auto\" id=\"style-css-av-9b69ze-96341454c94851fac038289b33edc843\">\n.flex_column.av-9b69ze-96341454c94851fac038289b33edc843{\nborder-radius:0px 0px 0px 0px;\npadding:0px 0px 0px 0px;\n}\n<\/style>\n<div  class='flex_column av-9b69ze-96341454c94851fac038289b33edc843 av_one_full  avia-builder-el-0  el_before_av_one_full  avia-builder-el-first  first flex_column_div av-zero-column-padding  '     ><section  class='av_textblock_section av-sy6p6-2bd53b29a0a4744eaaa0d897d8cfa104 '   itemscope=\"itemscope\" itemtype=\"https:\/\/schema.org\/CreativeWork\" ><div class='avia_textblock'  itemprop=\"text\" ><p style=\"text-align: justify;\">Debe leer y aceptar la pol\u00edtica de protecci\u00f3n de datos para que la empresa LA CUBA DE BACO gestione los servicios ofrecidos a trav\u00e9s de su web WWW.LACUBADEBACO.COM\u00a0 \/\/\u00a0 WWW.LACUBADEBACO.ES. En caso de que no se marque la mencionada casilla no se podr\u00e1 proceder por parte de LA CUBA DE BACO a la gesti\u00f3n de la solicitud.<\/p>\n<\/div><\/section><\/div>\n\n<style type=\"text\/css\" data-created_by=\"avia_inline_auto\" id=\"style-css-av-1z8tii-eb56ba2c62ba66e6eb5190cca071f74d\">\n.flex_column.av-1z8tii-eb56ba2c62ba66e6eb5190cca071f74d{\nborder-radius:0px 0px 0px 0px;\npadding:0px 0px 0px 0px;\n}\n<\/style>\n<div  class='flex_column av-1z8tii-eb56ba2c62ba66e6eb5190cca071f74d av_one_full  avia-builder-el-2  el_after_av_one_full  el_before_av_one_full  first flex_column_div av-zero-column-padding  column-top-margin'     ><section  class='av_textblock_section av-lvjwmemw-29b5ec1290fe8776901535181dd680d5 '   itemscope=\"itemscope\" itemtype=\"https:\/\/schema.org\/CreativeWork\" ><div class='avia_textblock'  itemprop=\"text\" ><p><span style=\"font-size: 10.5pt; line-height: 16.1px;\">De conformidad con lo establecido en la legislaci&oacute;n vigente sobre protecci&oacute;n de datos, el&nbsp;<u>Reglamento (UE) 2016\/679, del Parlamento Europeo y del Consejo, de 27 de abril de 2016, relativo a la protecci&oacute;n de las personas f&iacute;sicas en lo que respecto al tratamiento de datos personales y a la libre circulaci&oacute;n de estos datos<\/u>&nbsp;(en adelante, RGPD), as&iacute; como en la&nbsp;<u>Ley Org&aacute;nica 3\/2018, de 5 de diciembre, de Protecci&oacute;n de Datos y garant&iacute;a de los derechos digitales<\/u>&nbsp;(en adelante, LOPD-GDD), se informa al usuario de conformidad con lo establecido en los art&iacute;culos 13 del RGPD y 11 de la LOPD-GDD:<\/span><\/p>\n<p><span style=\"font-size: 10.5pt; line-height: 16.1px;\">&nbsp;<\/span><\/p>\n<p><strong><span style=\"font-size: 10.5pt;\">I.<span style=\"font-weight: normal; font-stretch: normal; font-size: 7pt; line-height: normal; font-family: 'Times New Roman'; font-size-adjust: none; font-kerning: auto; font-variant-alternates: normal; font-variant-ligatures: normal; font-variant-numeric: normal; font-variant-east-asian: normal; font-variant-position: normal; font-feature-settings: normal; font-optical-sizing: auto; font-variation-settings: normal;\">&nbsp;&nbsp;&nbsp;&nbsp;&nbsp;&nbsp;&nbsp;&nbsp;&nbsp;&nbsp;&nbsp;&nbsp;&nbsp;&nbsp;&nbsp;<\/span><\/span><\/strong><strong><u><span style=\"font-size: 10.5pt;\">RESPONSABLE<\/span><\/u><\/strong>&nbsp;<strong><span style=\"font-size: 10.5pt; line-height: 16.1px;\">&nbsp;<\/span><\/strong>&nbsp;<\/p>\n<p><strong><span style=\"font-size: 10.5pt; line-height: 16.1px;\">&iquest;Qui&eacute;n es el responsable de tratamiento de sus datos?<\/span><\/strong><\/p>\n<p><span style=\"font-size: 10.5pt; font-family: Arial, sans-serif; color: #0070c0;\">&#8211;<span style=\"font-stretch: normal; font-size: 7pt; line-height: normal; font-family: 'Times New Roman'; font-size-adjust: none; font-kerning: auto; font-variant-alternates: normal; font-variant-ligatures: normal; font-variant-numeric: normal; font-variant-east-asian: normal; font-variant-position: normal; font-feature-settings: normal; font-optical-sizing: auto; font-variation-settings: normal;\">&nbsp;&nbsp;&nbsp;&nbsp;&nbsp;&nbsp;&nbsp;<\/span><\/span><span style=\"font-size: 10.5pt; color: #948a54;\">Raz&oacute;n social<\/span><span style=\"font-size: 10.5pt; color: #0070c0;\">:&nbsp;<\/span><span style=\"font-size: 10.5pt;\">LA CUBA DE BACO<\/span><span style=\"font-size: 10.5pt; font-family: Arial, sans-serif; color: #0070c0;\"><span style=\"font-stretch: normal; font-size: 7pt; line-height: normal; font-family: 'Times New Roman'; font-size-adjust: none; font-kerning: auto; font-variant-alternates: normal; font-variant-ligatures: normal; font-variant-numeric: normal; font-variant-east-asian: normal; font-variant-position: normal; font-feature-settings: normal; font-optical-sizing: auto; font-variation-settings: normal;\">&nbsp; &nbsp; &nbsp;&nbsp;<\/span><\/span><\/p>\n<p><span style=\"font-size: 10.5pt; font-family: Arial, sans-serif; color: #0070c0;\">&#8211;<span style=\"font-stretch: normal; font-size: 7pt; line-height: normal; font-family: 'Times New Roman'; font-size-adjust: none; font-kerning: auto; font-variant-alternates: normal; font-variant-ligatures: normal; font-variant-numeric: normal; font-variant-east-asian: normal; font-variant-position: normal; font-feature-settings: normal; font-optical-sizing: auto; font-variation-settings: normal;\">&nbsp;&nbsp;&nbsp;&nbsp;&nbsp;&nbsp;&nbsp;<\/span><\/span><span style=\"font-size: 10.5pt; color: #948a54;\">Domicilio<\/span><span style=\"font-size: 10.5pt;\">: AVD\/ FONTANILLA, 3- 3 1C 28250 -TORRELODONES (MADRID)<\/span><\/p>\n<p><span style=\"font-size: 10.5pt; font-family: Arial, sans-serif;\">&#8211;<span style=\"font-stretch: normal; font-size: 7pt; line-height: normal; font-family: 'Times New Roman'; font-size-adjust: none; font-kerning: auto; font-variant-alternates: normal; font-variant-ligatures: normal; font-variant-numeric: normal; font-variant-east-asian: normal; font-variant-position: normal; font-feature-settings: normal; font-optical-sizing: auto; font-variation-settings: normal;\">&nbsp;&nbsp;&nbsp;&nbsp;&nbsp;&nbsp;&nbsp;<\/span><\/span><span style=\"font-size: 10.5pt; color: #948a54;\">Correo electr&oacute;nico<\/span><span style=\"font-size: 10.5pt; color: #0070c0;\">:&nbsp;<\/span><span style=\"font-size: 10.5pt;\">info@lacubadebaco.com<\/span><\/p>\n<p><strong><span style=\"font-size: 10.5pt;\">II.<span style=\"font-weight: normal; font-stretch: normal; font-size: 7pt; line-height: normal; font-family: 'Times New Roman'; font-size-adjust: none; font-kerning: auto; font-variant-alternates: normal; font-variant-ligatures: normal; font-variant-numeric: normal; font-variant-east-asian: normal; font-variant-position: normal; font-feature-settings: normal; font-optical-sizing: auto; font-variation-settings: normal;\">&nbsp;&nbsp;&nbsp;&nbsp;&nbsp;&nbsp;&nbsp;&nbsp;&nbsp;&nbsp;&nbsp;&nbsp;&nbsp;&nbsp;<\/span><\/span><\/strong><strong><u><span style=\"font-size: 10.5pt;\">FINALIDAD<\/span><\/u><\/strong>&nbsp;<\/p>\n<p><strong><span style=\"font-size: 10.5pt; line-height: 16.1px;\">&iquest;Con qu&eacute; finalidad trataremos sus datos personales?<\/span><\/strong>&nbsp;<\/p>\n<p><span style=\"font-size: 10.5pt; line-height: 16.1px;\">En LA CUBA DE BACO, trataremos su informaci&oacute;n para:<\/span><\/p>\n<p><span style=\"font-size: 10.5pt;\">1.<span style=\"font-stretch: normal; font-size: 7pt; line-height: normal; font-family: 'Times New Roman'; font-size-adjust: none; font-kerning: auto; font-variant-alternates: normal; font-variant-ligatures: normal; font-variant-numeric: normal; font-variant-east-asian: normal; font-variant-position: normal; font-feature-settings: normal; font-optical-sizing: auto; font-variation-settings: normal;\">&nbsp;&nbsp;&nbsp;&nbsp;&nbsp;<\/span><\/span><span style=\"font-size: 10.5pt;\">Mantenimiento de la relaci&oacute;n mercantil y prestaci&oacute;n del servicio contratado.<\/span><\/p>\n<p><span style=\"font-size: 10.5pt;\">2.<span style=\"font-stretch: normal; font-size: 7pt; line-height: normal; font-family: 'Times New Roman'; font-size-adjust: none; font-kerning: auto; font-variant-alternates: normal; font-variant-ligatures: normal; font-variant-numeric: normal; font-variant-east-asian: normal; font-variant-position: normal; font-feature-settings: normal; font-optical-sizing: auto; font-variation-settings: normal;\">&nbsp;&nbsp;&nbsp;&nbsp;&nbsp;<\/span><\/span><span style=\"font-size: 10.5pt;\">Env&iacute;o de informaci&oacute;n comercial vinculadas con nuestro sector.<\/span><\/p>\n<p><span style=\"font-size: 10.5pt;\">3.<span style=\"font-stretch: normal; font-size: 7pt; line-height: normal; font-family: 'Times New Roman'; font-size-adjust: none; font-kerning: auto; font-variant-alternates: normal; font-variant-ligatures: normal; font-variant-numeric: normal; font-variant-east-asian: normal; font-variant-position: normal; font-feature-settings: normal; font-optical-sizing: auto; font-variation-settings: normal;\">&nbsp;&nbsp;&nbsp;&nbsp;&nbsp;<\/span><\/span><span style=\"font-size: 10.5pt;\">Realizaci&oacute;n de un presupuesto ajustado a sus necesidades<\/span><\/p>\n<p><span style=\"font-size: 10.5pt;\">4. &nbsp; Gestionar comunicaciones por correo electr&oacute;nico con interesados.<\/span><span style=\"font-size: 10.5pt; line-height: 16.1px;\">&nbsp;<\/span><\/p>\n<p><strong><span style=\"font-size: 10.5pt; line-height: 16.1px;\">&iquest;Durante cu&aacute;nto tiempo tendremos sus datos?<\/span><\/strong>&nbsp;<strong><span style=\"font-size: 10.5pt; line-height: 16.1px;\">&nbsp;<\/span><\/strong>&nbsp;<\/p>\n<p><span style=\"font-size: 10.5pt; line-height: 16.1px;\">Los datos personales que nos proporciones ser&aacute;n conservados mientras se mantenga la relaci&oacute;n mercantil vigente. No obstante, para tener la m&aacute;xima transparencia con usted le indicamos que los c&oacute;mputos generales con los que trabajamos son:<\/span><\/p>\n<p><span style=\"font-size: 10.5pt; font-family: Arial, sans-serif;\">&#8211;<span style=\"font-stretch: normal; font-size: 7pt; line-height: normal; font-family: 'Times New Roman'; font-size-adjust: none; font-kerning: auto; font-variant-alternates: normal; font-variant-ligatures: normal; font-variant-numeric: normal; font-variant-east-asian: normal; font-variant-position: normal; font-feature-settings: normal; font-optical-sizing: auto; font-variation-settings: normal;\">&nbsp;&nbsp;&nbsp;&nbsp;&nbsp;&nbsp;&nbsp;<\/span><\/span><span style=\"font-size: 10.5pt;\">Datos gen&eacute;ricos de identificaci&oacute;n (correo electr&oacute;nico, nombre, apellidos, tel&eacute;fono, etc.): mientras dure la relaci&oacute;n mercantil o hasta que se revoque el consentimiento. En cualquier caso, se eliminar&aacute;n cuando no vayan a utilizarse para el fin con el que fueron recabados.<\/span><\/p>\n<p><span style=\"font-size: 10.5pt; font-family: Arial, sans-serif;\">&#8211;<span style=\"font-stretch: normal; font-size: 7pt; line-height: normal; font-family: 'Times New Roman'; font-size-adjust: none; font-kerning: auto; font-variant-alternates: normal; font-variant-ligatures: normal; font-variant-numeric: normal; font-variant-east-asian: normal; font-variant-position: normal; font-feature-settings: normal; font-optical-sizing: auto; font-variation-settings: normal;\">&nbsp;&nbsp;&nbsp;&nbsp;&nbsp;&nbsp;&nbsp;<\/span><\/span><span style=\"font-size: 10.5pt;\">Contable, fiscal y laboral: seis (6) a&ntilde;os.<\/span><\/p>\n<p><span style=\"font-size: 10.5pt; font-family: Arial, sans-serif;\">&#8211;<span style=\"font-stretch: normal; font-size: 7pt; line-height: normal; font-family: 'Times New Roman'; font-size-adjust: none; font-kerning: auto; font-variant-alternates: normal; font-variant-ligatures: normal; font-variant-numeric: normal; font-variant-east-asian: normal; font-variant-position: normal; font-feature-settings: normal; font-optical-sizing: auto; font-variation-settings: normal;\">&nbsp;&nbsp;&nbsp;&nbsp;&nbsp;&nbsp;&nbsp;<\/span><\/span><span style=\"font-size: 10.5pt;\">Asimismo, dado el env&iacute;o de informaci&oacute;n comercial, aunque se ponga fin a la relaci&oacute;n entre las partes, LA CUBA DE BACO seguir&aacute; conservando su informaci&oacute;n para el env&iacute;o de&nbsp;<em>newsletters<\/em>&nbsp;vinculadas con nuestros productos y servicios. Siempre podr&aacute; ejercitar los derechos que le reconoce la normativa vigente poni&eacute;ndose en contacto a trav&eacute;s de la v&iacute;a que le sea m&aacute;s c&oacute;moda.<\/span><\/p>\n<p><span style=\"font-size: 10.5pt; line-height: 16.1px;\">Pese a la existencia de estos plazos generales, le informamos que de forma peri&oacute;dica revisaremos nuestros sistemas para proceder a eliminar aquellos datos que no sean legalmente necesarios.&nbsp;<\/span>&nbsp;<span style=\"font-size: 10.5pt; line-height: 16.1px;\">&nbsp;<\/span><\/p>\n<p><strong><span style=\"font-size: 10.5pt;\">III.<span style=\"font-weight: normal; font-stretch: normal; font-size: 7pt; line-height: normal; font-family: 'Times New Roman'; font-size-adjust: none; font-kerning: auto; font-variant-alternates: normal; font-variant-ligatures: normal; font-variant-numeric: normal; font-variant-east-asian: normal; font-variant-position: normal; font-feature-settings: normal; font-optical-sizing: auto; font-variation-settings: normal;\">&nbsp;&nbsp;&nbsp;&nbsp;&nbsp;&nbsp;&nbsp;&nbsp;&nbsp;&nbsp;&nbsp;&nbsp;&nbsp;<\/span><\/span><\/strong><strong><u><span style=\"font-size: 10.5pt;\">LEGITIMACI&Oacute;N<\/span><\/u><\/strong><\/p>\n<p><strong><span style=\"font-size: 10.5pt; line-height: 16.1px;\">&iquest;Cu&aacute;l es la legitimaci&oacute;n para el tratamiento de sus datos?<\/span><\/strong>&nbsp;<strong><span style=\"font-size: 10.5pt; line-height: 16.1px;\">&nbsp;<\/span><\/strong><\/p>\n<p><span style=\"font-size: 10.5pt; line-height: 16.1px;\">Seg&uacute;n las finalidades de la recogida de nuestros datos, el tratamiento de sus datos es necesario:<\/span><\/p>\n<ol style=\"margin-bottom: 0cm; margin-top: 0cm;\" start=\"1\" type=\"1\">\n<li class=\"MsoNormal\" style=\"margin: 0cm; line-height: normal; font-size: 11pt; font-family: Calibri, sans-serif; text-align: justify;\"><u><span style=\"font-size: 10.5pt;\">Gestionar la relaci&oacute;n mercantil que ha suscrito y contratado con nosotros.<\/span><\/u>\n<ol style=\"margin-bottom: 0cm; margin-top: 0cm;\" start=\"1\" type=\"a\">\n<li class=\"MsoNormal\" style=\"margin: 0cm; line-height: normal; font-size: 11pt; text-align: justify;\"><span style=\"font-size: 10.5pt;\">Ejecuci&oacute;n de un contrato (habilitado por el art&iacute;culo 6.1.b RGPD)<\/span><\/li>\n<li class=\"MsoNormal\" style=\"margin: 0cm; line-height: normal; font-size: 11pt; text-align: justify;\"><span style=\"font-size: 10.5pt;\">Consentimiento del interesado (habitado por el art&iacute;culo 6.1.a RGPD)<\/span><\/li>\n<\/ol>\n<\/li>\n<\/ol>\n<ol style=\"margin-bottom: 0cm; margin-top: 0cm;\" start=\"2\" type=\"1\">\n<li class=\"MsoNormal\" style=\"margin: 0cm; line-height: normal; font-size: 11pt; font-family: Calibri, sans-serif; text-align: justify;\"><u><span style=\"font-size: 10.5pt;\">Env&iacute;o de comunicaciones comerciales&nbsp;<\/span><\/u>\n<ol style=\"margin-bottom: 0cm; margin-top: 0cm;\" start=\"1\" type=\"a\">\n<li class=\"MsoNormal\" style=\"margin: 0cm; line-height: normal; font-size: 11pt; text-align: justify;\"><span style=\"font-size: 10.5pt;\">Consentimiento del interesado (habilitado por el art&iacute;culo 6.1. RGPD)<\/span><\/li>\n<li class=\"MsoNormal\" style=\"margin: 0cm; line-height: normal; font-size: 11pt; text-align: justify;\"><span style=\"font-size: 10.5pt;\">Consentimiento del interesado (habilitado por el art&iacute;culo 20 LSSICE)<\/span><\/li>\n<li class=\"MsoNormal\" style=\"margin: 0cm; line-height: normal; font-size: 11pt; text-align: justify;\"><span style=\"font-size: 10.5pt;\">Inter&eacute;s leg&iacute;timo (habilitado por el art&iacute;culo 6.1.f RGPD)<\/span><\/li>\n<\/ol>\n<\/li>\n<\/ol>\n<ol style=\"margin-bottom: 0cm; margin-top: 0cm;\" start=\"3\" type=\"1\">\n<li class=\"MsoNormal\" style=\"margin: 0cm; line-height: normal; font-size: 11pt; font-family: Calibri, sans-serif; text-align: justify;\"><u><span style=\"font-size: 10.5pt;\">Realizaci&oacute;n de un presupuesto ajustado a sus necesidades.<\/span><\/u>\n<ol style=\"margin-bottom: 0cm; margin-top: 0cm;\" start=\"1\" type=\"a\">\n<li class=\"MsoNormal\" style=\"margin: 0cm; line-height: normal; font-size: 11pt; text-align: justify;\"><span style=\"font-size: 10.5pt;\">Ejecuci&oacute;n de un contrato y\/o relaci&oacute;n precontractual (habilitado por el art&iacute;culo 6.1.b RGPD)<\/span><\/li>\n<\/ol>\n<\/li>\n<\/ol>\n<ol style=\"margin-bottom: 0cm; margin-top: 0cm;\" start=\"4\" type=\"1\">\n<li class=\"MsoNormal\" style=\"margin: 0cm; line-height: normal; font-size: 11pt; font-family: Calibri, sans-serif; text-align: justify;\"><u><span style=\"font-size: 10.5pt;\">Gestionar comunicaciones por correo electr&oacute;nico con interesados.<\/span><\/u>\n<ol style=\"margin-bottom: 0cm; margin-top: 0cm;\" start=\"1\" type=\"a\">\n<li class=\"MsoNormal\" style=\"margin: 0cm; line-height: normal; font-size: 11pt; text-align: justify;\"><span style=\"font-size: 10.5pt;\">Consentimiento del interesado (habitado por el art&iacute;culo 6.1.a RGPD)<\/span><\/li>\n<li class=\"MsoNormal\" style=\"margin: 0cm; line-height: normal; font-size: 11pt; text-align: justify;\"><span style=\"font-size: 10.5pt;\">Inter&eacute;s leg&iacute;timo (habilitado por el art&iacute;culo 6.1.f RGPD)<\/span><\/li>\n<\/ol>\n<\/li>\n<\/ol>\n<p><span style=\"font-size: 10.5pt; line-height: 16.1px;\">&nbsp;<\/span><span style=\"font-size: 10.5pt; line-height: 16.1px;\">Asimismo, todos los datos recogidos son necesarios para la prestaci&oacute;n del servicio. No obstante, aquellos datos que est&eacute;n marcados con un asterisco (*) ser&aacute;n obligatorios. En el caso de que los datos obligatorios no fueran facilitados LA CUBA DE BACO no podr&aacute; prestarle el servicio contratado.&nbsp;<\/span>&nbsp;<span style=\"font-size: 10.5pt; line-height: 16.1px;\">&nbsp;<\/span><\/p>\n<p><strong><span style=\"font-size: 10.5pt;\">IV.<span style=\"font-weight: normal; font-stretch: normal; font-size: 7pt; line-height: normal; font-family: 'Times New Roman'; font-size-adjust: none; font-kerning: auto; font-variant-alternates: normal; font-variant-ligatures: normal; font-variant-numeric: normal; font-variant-east-asian: normal; font-variant-position: normal; font-feature-settings: normal; font-optical-sizing: auto; font-variation-settings: normal;\">&nbsp;&nbsp;&nbsp;&nbsp;&nbsp;&nbsp;&nbsp;&nbsp;&nbsp;&nbsp;&nbsp;&nbsp;<\/span><\/span><\/strong><strong><u><span style=\"font-size: 10.5pt;\">DERECHOS QUE LE ASISTEN A LAS PERSONAS INTERESADAS<\/span><\/u><\/strong>&nbsp;<\/p>\n<p><strong><span style=\"font-size: 10.5pt; line-height: 16.1px;\">&iquest;Qu&eacute; derechos tengo en materia de protecci&oacute;n de datos?<\/span><\/strong>&nbsp;<\/p>\n<p><span style=\"font-size: 10.5pt; line-height: 16.1px;\">Conforme a lo establecido en los art&iacute;culos 13 RGPD y 11.2.c) LOPDGDD, puede ejercitar cualquiera de los siguientes derechos comunic&aacute;ndonoslo a la direcci&oacute;n postal AVD\/ FONTANILLA, 3- 3 1C 28250 -TORRELODONES (MADRID)<span style=\"color: #0070c0;\">&nbsp;<\/span>o a la direcci&oacute;n electr&oacute;nica info@lacubadebaco.com. En todo caso, seg&uacute;n la normativa vigente tiene reconocidos los siguientes derechos de acuerdo a lo contenido en los art&iacute;culos 15 a 22 RGPD y 12 a 18 LOPDGDD:&nbsp;<\/span><\/p>\n<p><span style=\"font-size: 10.5pt; font-family: Arial, sans-serif;\">&#8211;<span style=\"font-stretch: normal; font-size: 7pt; line-height: normal; font-family: 'Times New Roman'; font-size-adjust: none; font-kerning: auto; font-variant-alternates: normal; font-variant-ligatures: normal; font-variant-numeric: normal; font-variant-east-asian: normal; font-variant-position: normal; font-feature-settings: normal; font-optical-sizing: auto; font-variation-settings: normal;\">&nbsp;&nbsp;&nbsp;&nbsp;&nbsp;&nbsp;&nbsp;<\/span><\/span><span style=\"font-size: 10.5pt;\">Derecho a solicitar el acceso a los datos personales relativos al interesado.<\/span><\/p>\n<p><span style=\"font-size: 10.5pt; font-family: Arial, sans-serif;\">&#8211;<span style=\"font-stretch: normal; font-size: 7pt; line-height: normal; font-family: 'Times New Roman'; font-size-adjust: none; font-kerning: auto; font-variant-alternates: normal; font-variant-ligatures: normal; font-variant-numeric: normal; font-variant-east-asian: normal; font-variant-position: normal; font-feature-settings: normal; font-optical-sizing: auto; font-variation-settings: normal;\">&nbsp;&nbsp;&nbsp;&nbsp;&nbsp;&nbsp;&nbsp;<\/span><\/span><span style=\"font-size: 10.5pt;\">Derecho a solicitar su rectificaci&oacute;n o supresi&oacute;n.<\/span><\/p>\n<p><span style=\"font-size: 10.5pt; font-family: Arial, sans-serif;\">&#8211;<span style=\"font-stretch: normal; font-size: 7pt; line-height: normal; font-family: 'Times New Roman'; font-size-adjust: none; font-kerning: auto; font-variant-alternates: normal; font-variant-ligatures: normal; font-variant-numeric: normal; font-variant-east-asian: normal; font-variant-position: normal; font-feature-settings: normal; font-optical-sizing: auto; font-variation-settings: normal;\">&nbsp;&nbsp;&nbsp;&nbsp;&nbsp;&nbsp;&nbsp;<\/span><\/span><span style=\"font-size: 10.5pt;\">Derecho a solicitar la limitaci&oacute;n del tratamiento.<\/span><\/p>\n<p><span style=\"font-size: 10.5pt; font-family: Arial, sans-serif;\">&#8211;<span style=\"font-stretch: normal; font-size: 7pt; line-height: normal; font-family: 'Times New Roman'; font-size-adjust: none; font-kerning: auto; font-variant-alternates: normal; font-variant-ligatures: normal; font-variant-numeric: normal; font-variant-east-asian: normal; font-variant-position: normal; font-feature-settings: normal; font-optical-sizing: auto; font-variation-settings: normal;\">&nbsp;&nbsp;&nbsp;&nbsp;&nbsp;&nbsp;&nbsp;<\/span><\/span><span style=\"font-size: 10.5pt;\">Derecho a oponerse al tratamiento.<\/span><\/p>\n<p><span style=\"font-size: 10.5pt; font-family: Arial, sans-serif;\">&#8211;<span style=\"font-stretch: normal; font-size: 7pt; line-height: normal; font-family: 'Times New Roman'; font-size-adjust: none; font-kerning: auto; font-variant-alternates: normal; font-variant-ligatures: normal; font-variant-numeric: normal; font-variant-east-asian: normal; font-variant-position: normal; font-feature-settings: normal; font-optical-sizing: auto; font-variation-settings: normal;\">&nbsp;&nbsp;&nbsp;&nbsp;&nbsp;&nbsp;&nbsp;<\/span><\/span><span style=\"font-size: 10.5pt;\">Derecho a la portabilidad.<\/span><\/p>\n<p><span style=\"font-size: 10.5pt; line-height: 16.1px;\">Adicionalmente, puede presentar una reclamaci&oacute;n ante la Agencia Espa&ntilde;ola de Protecci&oacute;n de Datos (AEPD). M&aacute;s informaci&oacute;n en el Apartado VII del presente documento.&nbsp;<\/span><\/p>\n<p>&nbsp;&nbsp;<strong><span style=\"font-size: 10.5pt;\">V.<span style=\"font-weight: normal; font-stretch: normal; font-size: 7pt; line-height: normal; font-family: 'Times New Roman'; font-size-adjust: none; font-kerning: auto; font-variant-alternates: normal; font-variant-ligatures: normal; font-variant-numeric: normal; font-variant-east-asian: normal; font-variant-position: normal; font-feature-settings: normal; font-optical-sizing: auto; font-variation-settings: normal;\">&nbsp;&nbsp;&nbsp;&nbsp;&nbsp;&nbsp;&nbsp;&nbsp;&nbsp;&nbsp;&nbsp;&nbsp;&nbsp;&nbsp;<\/span><\/span><\/strong><strong><u><span style=\"font-size: 10.5pt;\">DESTINATARIOS<\/span><\/u><\/strong>&nbsp;<strong><span style=\"font-size: 10.5pt; line-height: 16.1px;\">&nbsp;<\/span><\/strong><\/p>\n<p><strong><span style=\"font-size: 10.5pt; line-height: 16.1px;\">&iquest;A qu&eacute; destinatarios se comunicar&aacute;n sus datos?<\/span><\/strong>&nbsp;<\/p>\n<p><span style=\"font-size: 10.5pt; line-height: 16.1px;\">Sus datos no ser&aacute;n comunicados a terceras empresas, salvo que se indique lo contrario.&nbsp;&nbsp;Asimismo, le informamos que sus datos no se transferir&aacute;n internacionalmente a ning&uacute;n tercer pa&iacute;s si no se indica lo contrario.<\/span>&nbsp;&nbsp;<\/p>\n<p><strong><span style=\"font-size: 10.5pt;\">VI.<span style=\"font-weight: normal; font-stretch: normal; font-size: 7pt; line-height: normal; font-family: 'Times New Roman'; font-size-adjust: none; font-kerning: auto; font-variant-alternates: normal; font-variant-ligatures: normal; font-variant-numeric: normal; font-variant-east-asian: normal; font-variant-position: normal; font-feature-settings: normal; font-optical-sizing: auto; font-variation-settings: normal;\">&nbsp;&nbsp;&nbsp;&nbsp;&nbsp;&nbsp;&nbsp;&nbsp;&nbsp;&nbsp;&nbsp;&nbsp;<\/span><\/span><\/strong><strong><u><span style=\"font-size: 10.5pt;\">PROCEDENCIA DE SUS DATOS&nbsp;<\/span><\/u><\/strong>&nbsp;<span style=\"font-size: 10.5pt; line-height: 16.1px;\">&nbsp;<\/span>&nbsp;<\/p>\n<p><strong><span style=\"font-size: 10.5pt; line-height: 16.1px;\">&iquest;C&oacute;mo hemos obtenido sus datos?<\/span><\/strong>&nbsp;<\/p>\n<p>&nbsp;<span style=\"font-size: 10.5pt; line-height: 16.1px;\">Los datos de car&aacute;cter personal que utiliza LA CUBA DE BACO proceden del propio interesado, dando as&iacute; cumplimiento a lo establecido en los art&iacute;culos 13 RGPD y 11 LOPDGDD ya mencionados, o de empresas del grupo, sobre las que puede obtener m&aacute;s informaci&oacute;n escribiendo a la direcci&oacute;n de correo electr&oacute;nico info@lacubadebaco.com o en la oficina del Responsable en la direcci&oacute;n postal indicada en este documento.<\/span>&nbsp;<span style=\"font-size: 10.5pt; line-height: 16.1px;\">&nbsp;<\/span>&nbsp;<\/p>\n<p><strong><span style=\"font-size: 10.5pt; line-height: 16.1px;\">&iquest;Qu&eacute; categor&iacute;as de datos manejamos?<\/span><\/strong>&nbsp;<span style=\"font-size: 10.5pt; line-height: 16.1px;\">&nbsp;<\/span><\/p>\n<p>&nbsp;<span style=\"font-size: 10.5pt; line-height: 16.1px;\">Las categor&iacute;as de datos de car&aacute;cter personal que se tratan:&nbsp;<\/span><\/p>\n<p><span style=\"font-size: 10.5pt; font-family: Arial, sans-serif;\">&#8211;<span style=\"font-stretch: normal; font-size: 7pt; line-height: normal; font-family: 'Times New Roman'; font-size-adjust: none; font-kerning: auto; font-variant-alternates: normal; font-variant-ligatures: normal; font-variant-numeric: normal; font-variant-east-asian: normal; font-variant-position: normal; font-feature-settings: normal; font-optical-sizing: auto; font-variation-settings: normal;\">&nbsp;&nbsp;&nbsp;&nbsp;&nbsp;&nbsp;&nbsp;<\/span><\/span><span style=\"font-size: 10.5pt;\">Datos de identificaci&oacute;n&nbsp;<\/span><\/p>\n<p style=\"padding-left: 40px;\"><span style=\"font-size: 10.5pt; font-family: 'Courier New';\">o<span style=\"font-stretch: normal; font-size: 7pt; line-height: normal; font-family: 'Times New Roman'; font-size-adjust: none; font-kerning: auto; font-variant-alternates: normal; font-variant-ligatures: normal; font-variant-numeric: normal; font-variant-east-asian: normal; font-variant-position: normal; font-feature-settings: normal; font-optical-sizing: auto; font-variation-settings: normal;\">&nbsp;&nbsp;&nbsp;<\/span><\/span><span style=\"font-size: 10.5pt;\">Nombre&nbsp;<\/span><\/p>\n<p style=\"padding-left: 40px;\"><span style=\"font-size: 10.5pt; font-family: 'Courier New';\">o<span style=\"font-stretch: normal; font-size: 7pt; line-height: normal; font-family: 'Times New Roman'; font-size-adjust: none; font-kerning: auto; font-variant-alternates: normal; font-variant-ligatures: normal; font-variant-numeric: normal; font-variant-east-asian: normal; font-variant-position: normal; font-feature-settings: normal; font-optical-sizing: auto; font-variation-settings: normal;\">&nbsp;&nbsp;&nbsp;<\/span><\/span><span style=\"font-size: 10.5pt;\">Apellidos<\/span><\/p>\n<p style=\"padding-left: 40px;\"><span style=\"font-size: 10.5pt; font-family: 'Courier New';\">o<span style=\"font-stretch: normal; font-size: 7pt; line-height: normal; font-family: 'Times New Roman'; font-size-adjust: none; font-kerning: auto; font-variant-alternates: normal; font-variant-ligatures: normal; font-variant-numeric: normal; font-variant-east-asian: normal; font-variant-position: normal; font-feature-settings: normal; font-optical-sizing: auto; font-variation-settings: normal;\">&nbsp;&nbsp;&nbsp;<\/span><\/span><span style=\"font-size: 10.5pt;\">DNI \/ NIE \/ Pasaporte&nbsp;<\/span><\/p>\n<p style=\"padding-left: 40px;\"><span style=\"font-size: 10.5pt; font-family: 'Courier New';\">o<span style=\"font-stretch: normal; font-size: 7pt; line-height: normal; font-family: 'Times New Roman'; font-size-adjust: none; font-kerning: auto; font-variant-alternates: normal; font-variant-ligatures: normal; font-variant-numeric: normal; font-variant-east-asian: normal; font-variant-position: normal; font-feature-settings: normal; font-optical-sizing: auto; font-variation-settings: normal;\">&nbsp;&nbsp;&nbsp;<\/span><\/span><span style=\"font-size: 10.5pt;\">Direcciones postales&nbsp;<\/span><\/p>\n<p style=\"padding-left: 40px;\"><span style=\"font-size: 10.5pt; font-family: 'Courier New';\">o<span style=\"font-stretch: normal; font-size: 7pt; line-height: normal; font-family: 'Times New Roman'; font-size-adjust: none; font-kerning: auto; font-variant-alternates: normal; font-variant-ligatures: normal; font-variant-numeric: normal; font-variant-east-asian: normal; font-variant-position: normal; font-feature-settings: normal; font-optical-sizing: auto; font-variation-settings: normal;\">&nbsp;&nbsp;&nbsp;<\/span><\/span><span style=\"font-size: 10.5pt;\">Direcciones electr&oacute;nicas<\/span><\/p>\n<p style=\"padding-left: 40px;\"><span style=\"font-size: 10.5pt; font-family: 'Courier New';\">o<span style=\"font-stretch: normal; font-size: 7pt; line-height: normal; font-family: 'Times New Roman'; font-size-adjust: none; font-kerning: auto; font-variant-alternates: normal; font-variant-ligatures: normal; font-variant-numeric: normal; font-variant-east-asian: normal; font-variant-position: normal; font-feature-settings: normal; font-optical-sizing: auto; font-variation-settings: normal;\">&nbsp;&nbsp;&nbsp;<\/span><\/span><span style=\"font-size: 10.5pt;\">Sexo<\/span><\/p>\n<p style=\"padding-left: 40px;\"><span style=\"font-size: 10.5pt; font-family: 'Courier New';\">o<span style=\"font-stretch: normal; font-size: 7pt; line-height: normal; font-family: 'Times New Roman'; font-size-adjust: none; font-kerning: auto; font-variant-alternates: normal; font-variant-ligatures: normal; font-variant-numeric: normal; font-variant-east-asian: normal; font-variant-position: normal; font-feature-settings: normal; font-optical-sizing: auto; font-variation-settings: normal;\">&nbsp;&nbsp;&nbsp;<\/span><\/span><span style=\"font-size: 10.5pt;\">Fecha de nacimiento<\/span><\/p>\n<p style=\"padding-left: 40px;\"><span style=\"font-size: 10.5pt; font-family: 'Courier New';\">o<span style=\"font-stretch: normal; font-size: 7pt; line-height: normal; font-family: 'Times New Roman'; font-size-adjust: none; font-kerning: auto; font-variant-alternates: normal; font-variant-ligatures: normal; font-variant-numeric: normal; font-variant-east-asian: normal; font-variant-position: normal; font-feature-settings: normal; font-optical-sizing: auto; font-variation-settings: normal;\">&nbsp;&nbsp;&nbsp;<\/span><\/span><span style=\"font-size: 10.5pt;\">Tel&eacute;fono de contacto (m&oacute;vil \/ fijo)<\/span><\/p>\n<p><span style=\"font-size: 10.5pt; font-family: Arial, sans-serif;\">&#8211;<span style=\"font-stretch: normal; font-size: 7pt; line-height: normal; font-family: 'Times New Roman'; font-size-adjust: none; font-kerning: auto; font-variant-alternates: normal; font-variant-ligatures: normal; font-variant-numeric: normal; font-variant-east-asian: normal; font-variant-position: normal; font-feature-settings: normal; font-optical-sizing: auto; font-variation-settings: normal;\">&nbsp;&nbsp;&nbsp;&nbsp;&nbsp;&nbsp;&nbsp;<\/span><\/span><span style=\"font-size: 10.5pt;\">Informaci&oacute;n comercial<\/span><\/p>\n<p><span style=\"font-size: 10.5pt; font-family: Arial, sans-serif;\">&#8211;<span style=\"font-stretch: normal; font-size: 7pt; line-height: normal; font-family: 'Times New Roman'; font-size-adjust: none; font-kerning: auto; font-variant-alternates: normal; font-variant-ligatures: normal; font-variant-numeric: normal; font-variant-east-asian: normal; font-variant-position: normal; font-feature-settings: normal; font-optical-sizing: auto; font-variation-settings: normal;\">&nbsp;&nbsp;&nbsp;&nbsp;&nbsp;&nbsp;&nbsp;<\/span><\/span><span style=\"font-size: 10.5pt;\">Datos econ&oacute;micos&nbsp;<\/span><\/p>\n<p style=\"padding-left: 40px;\"><span style=\"font-size: 10.5pt; font-family: 'Courier New';\">o<span style=\"font-stretch: normal; font-size: 7pt; line-height: normal; font-family: 'Times New Roman'; font-size-adjust: none; font-kerning: auto; font-variant-alternates: normal; font-variant-ligatures: normal; font-variant-numeric: normal; font-variant-east-asian: normal; font-variant-position: normal; font-feature-settings: normal; font-optical-sizing: auto; font-variation-settings: normal;\">&nbsp;&nbsp;&nbsp;<\/span><\/span><span style=\"font-size: 10.5pt;\">N&uacute;mero de cuenta bancaria<\/span><\/p>\n<p style=\"padding-left: 40px;\"><span style=\"font-size: 10.5pt; font-family: 'Courier New';\">o<span style=\"font-stretch: normal; font-size: 7pt; line-height: normal; font-family: 'Times New Roman'; font-size-adjust: none; font-kerning: auto; font-variant-alternates: normal; font-variant-ligatures: normal; font-variant-numeric: normal; font-variant-east-asian: normal; font-variant-position: normal; font-feature-settings: normal; font-optical-sizing: auto; font-variation-settings: normal;\">&nbsp;&nbsp;&nbsp;<\/span><\/span><span style=\"font-size: 10.5pt;\">N&uacute;mero de tarjeta de cr&eacute;dito<\/span><\/p>\n<p><span style=\"font-size: 10.5pt; line-height: 16.1px;\">Salvo que se indique lo contrario, LA CUBA DE BACO no tratar&aacute; datos especialmente protegidos seg&uacute;n lo establecido en los art&iacute;culos 9 RGPD y 9 LOPDGDD. En cualquier caso, el tratamiento que implique el uso de datos especialmente protegidos o sensibles se indicar&aacute; al interesado en este documento.<\/span>&nbsp;&nbsp;<\/p>\n<p><strong><span style=\"font-size: 10.5pt;\">VII.<span style=\"font-weight: normal; font-stretch: normal; font-size: 7pt; line-height: normal; font-family: 'Times New Roman'; font-size-adjust: none; font-kerning: auto; font-variant-alternates: normal; font-variant-ligatures: normal; font-variant-numeric: normal; font-variant-east-asian: normal; font-variant-position: normal; font-feature-settings: normal; font-optical-sizing: auto; font-variation-settings: normal;\">&nbsp;&nbsp;&nbsp;&nbsp;&nbsp;&nbsp;&nbsp;&nbsp;&nbsp;&nbsp;&nbsp;<\/span><\/span><\/strong><strong><u><span style=\"font-size: 10.5pt;\">AUTORIDAD DE CONTROL&nbsp;<\/span><\/u><\/strong>&nbsp;<span style=\"font-size: 10.5pt; line-height: 16.1px;\">&nbsp;<\/span><\/p>\n<p><span style=\"font-size: 10.5pt; line-height: 16.1px;\">Desde LA CUBA DE BACO ponemos el m&aacute;ximo empe&ntilde;o para cumplir con la normativa de protecci&oacute;n de datos dado que es el activo m&aacute;s valioso para nosotros. No obstante, le informamos que en caso de que usted entienda que sus derechos se han visto menoscabados, puede presentar una reclamaci&oacute;n ante la Agencia Espa&ntilde;ola de Protecci&oacute;n de Datos (AEPD), sita en <span style=\"color: #231f20; background: white;\">C\/ Jorge Juan, 6. 28001 &ndash; Madrid. M&aacute;s informaci&oacute;n sobre la AEPD.&nbsp;<\/span><\/span><span style=\"font-size: 10.5pt; line-height: 16.1px;\"><a href=\"http:\/\/www.agpd.es\/\"><span style=\"color: navy; background: white;\">http:\/\/www.agpd.es\/<\/span><\/a><\/span><\/p>\n<\/div><\/section><\/div>\n<style type=\"text\/css\" data-created_by=\"avia_inline_auto\" id=\"style-css-av-1z8tii-07a9cfbe1752fd48e64a3615cfbd042a\">\n.flex_column.av-1z8tii-07a9cfbe1752fd48e64a3615cfbd042a{\nborder-radius:0px 0px 0px 0px;\npadding:0px 0px 0px 0px;\n}\n<\/style>\n<div  class='flex_column av-1z8tii-07a9cfbe1752fd48e64a3615cfbd042a av_one_full  avia-builder-el-4  el_after_av_one_full  avia-builder-el-last  first flex_column_div av-zero-column-padding  column-top-margin'     ><\/div><\/p>\n","protected":false},"excerpt":{"rendered":"","protected":false},"author":2,"featured_media":0,"parent":0,"menu_order":0,"comment_status":"closed","ping_status":"closed","template":"","meta":{"_exactmetrics_skip_tracking":false,"_exactmetrics_sitenote_active":false,"_exactmetrics_sitenote_note":"","_exactmetrics_sitenote_category":0,"footnotes":""},"class_list":["post-4234","page","type-page","status-publish","hentry"],"yoast_head":"<!-- This site is optimized with the Yoast SEO plugin v27.0 - https:\/\/yoast.com\/product\/yoast-seo-wordpress\/ -->\n<title>Pol\u00edtica de protecci\u00f3n de datos - Comprar vino | Arag\u00f3n y Navarra | La Cuba de Baco<\/title>\n<meta name=\"description\" content=\"Comprar vino de Arag\u00f3n | Comprar vino de Navarra\" \/>\n<meta name=\"robots\" content=\"index, follow, max-snippet:-1, max-image-preview:large, max-video-preview:-1\" \/>\n<link rel=\"canonical\" href=\"https:\/\/www.lacubadebaco.com\/bodega\/politica-de-proteccion-de-datos\/\" \/>\n<meta property=\"og:locale\" content=\"es_ES\" \/>\n<meta property=\"og:type\" content=\"article\" \/>\n<meta property=\"og:title\" content=\"Pol\u00edtica de protecci\u00f3n de datos - Comprar vino | Arag\u00f3n y Navarra | La Cuba de Baco\" \/>\n<meta property=\"og:description\" content=\"Comprar vino de Arag\u00f3n | Comprar vino de Navarra\" \/>\n<meta property=\"og:url\" content=\"https:\/\/www.lacubadebaco.com\/bodega\/politica-de-proteccion-de-datos\/\" \/>\n<meta property=\"og:site_name\" content=\"Comprar vino | Arag\u00f3n y Navarra | La Cuba de Baco\" \/>\n<meta property=\"article:modified_time\" content=\"2024-04-28T20:24:14+00:00\" \/>\n<meta name=\"twitter:card\" content=\"summary_large_image\" \/>\n<meta name=\"twitter:label1\" content=\"Tiempo de lectura\" \/>\n\t<meta name=\"twitter:data1\" content=\"6 minutos\" \/>\n<script type=\"application\/ld+json\" class=\"yoast-schema-graph\">{\"@context\":\"https:\/\/schema.org\",\"@graph\":[{\"@type\":\"WebPage\",\"@id\":\"https:\/\/www.lacubadebaco.com\/bodega\/politica-de-proteccion-de-datos\/\",\"url\":\"https:\/\/www.lacubadebaco.com\/bodega\/politica-de-proteccion-de-datos\/\",\"name\":\"Pol\u00edtica de protecci\u00f3n de datos - Comprar vino | Arag\u00f3n y Navarra | La Cuba de Baco\",\"isPartOf\":{\"@id\":\"https:\/\/www.lacubadebaco.com\/bodega\/#website\"},\"datePublished\":\"2017-10-07T18:58:01+00:00\",\"dateModified\":\"2024-04-28T20:24:14+00:00\",\"description\":\"Comprar vino de Arag\u00f3n | Comprar vino de Navarra\",\"breadcrumb\":{\"@id\":\"https:\/\/www.lacubadebaco.com\/bodega\/politica-de-proteccion-de-datos\/#breadcrumb\"},\"inLanguage\":\"es\",\"potentialAction\":[{\"@type\":\"ReadAction\",\"target\":[\"https:\/\/www.lacubadebaco.com\/bodega\/politica-de-proteccion-de-datos\/\"]}]},{\"@type\":\"BreadcrumbList\",\"@id\":\"https:\/\/www.lacubadebaco.com\/bodega\/politica-de-proteccion-de-datos\/#breadcrumb\",\"itemListElement\":[{\"@type\":\"ListItem\",\"position\":1,\"name\":\"Portada\",\"item\":\"https:\/\/www.lacubadebaco.com\/bodega\/home-v8-frontpage-shop\/\"},{\"@type\":\"ListItem\",\"position\":2,\"name\":\"Pol\u00edtica de protecci\u00f3n de datos\"}]},{\"@type\":\"WebSite\",\"@id\":\"https:\/\/www.lacubadebaco.com\/bodega\/#website\",\"url\":\"https:\/\/www.lacubadebaco.com\/bodega\/\",\"name\":\"Comprar vino | Arag\u00f3n y Navarra | La Cuba de Baco\",\"description\":\"Comprar vino de Arag\u00f3n | Comprar vino de Navarra | Tienda de vino online de Navarra  y Arag\u00f3n | La Cuba de Baco\",\"publisher\":{\"@id\":\"https:\/\/www.lacubadebaco.com\/bodega\/#organization\"},\"potentialAction\":[{\"@type\":\"SearchAction\",\"target\":{\"@type\":\"EntryPoint\",\"urlTemplate\":\"https:\/\/www.lacubadebaco.com\/bodega\/?s={search_term_string}\"},\"query-input\":{\"@type\":\"PropertyValueSpecification\",\"valueRequired\":true,\"valueName\":\"search_term_string\"}}],\"inLanguage\":\"es\"},{\"@type\":\"Organization\",\"@id\":\"https:\/\/www.lacubadebaco.com\/bodega\/#organization\",\"name\":\"La Cuba de Baco\",\"url\":\"https:\/\/www.lacubadebaco.com\/bodega\/\",\"logo\":{\"@type\":\"ImageObject\",\"inLanguage\":\"es\",\"@id\":\"https:\/\/www.lacubadebaco.com\/bodega\/#\/schema\/logo\/image\/\",\"url\":\"https:\/\/www.lacubadebaco.com\/bodega\/wp-content\/uploads\/2014\/01\/logoslider.png\",\"contentUrl\":\"https:\/\/www.lacubadebaco.com\/bodega\/wp-content\/uploads\/2014\/01\/logoslider.png\",\"width\":440,\"height\":256,\"caption\":\"La Cuba de Baco\"},\"image\":{\"@id\":\"https:\/\/www.lacubadebaco.com\/bodega\/#\/schema\/logo\/image\/\"}}]}<\/script>\n<!-- \/ Yoast SEO plugin. -->","yoast_head_json":{"title":"Pol\u00edtica de protecci\u00f3n de datos - Comprar vino | Arag\u00f3n y Navarra | La Cuba de Baco","description":"Comprar vino de Arag\u00f3n | Comprar vino de Navarra","robots":{"index":"index","follow":"follow","max-snippet":"max-snippet:-1","max-image-preview":"max-image-preview:large","max-video-preview":"max-video-preview:-1"},"canonical":"https:\/\/www.lacubadebaco.com\/bodega\/politica-de-proteccion-de-datos\/","og_locale":"es_ES","og_type":"article","og_title":"Pol\u00edtica de protecci\u00f3n de datos - Comprar vino | Arag\u00f3n y Navarra | La Cuba de Baco","og_description":"Comprar vino de Arag\u00f3n | Comprar vino de Navarra","og_url":"https:\/\/www.lacubadebaco.com\/bodega\/politica-de-proteccion-de-datos\/","og_site_name":"Comprar vino | Arag\u00f3n y Navarra | La Cuba de Baco","article_modified_time":"2024-04-28T20:24:14+00:00","twitter_card":"summary_large_image","twitter_misc":{"Tiempo de lectura":"6 minutos"},"schema":{"@context":"https:\/\/schema.org","@graph":[{"@type":"WebPage","@id":"https:\/\/www.lacubadebaco.com\/bodega\/politica-de-proteccion-de-datos\/","url":"https:\/\/www.lacubadebaco.com\/bodega\/politica-de-proteccion-de-datos\/","name":"Pol\u00edtica de protecci\u00f3n de datos - Comprar vino | Arag\u00f3n y Navarra | La Cuba de Baco","isPartOf":{"@id":"https:\/\/www.lacubadebaco.com\/bodega\/#website"},"datePublished":"2017-10-07T18:58:01+00:00","dateModified":"2024-04-28T20:24:14+00:00","description":"Comprar vino de Arag\u00f3n | Comprar vino de Navarra","breadcrumb":{"@id":"https:\/\/www.lacubadebaco.com\/bodega\/politica-de-proteccion-de-datos\/#breadcrumb"},"inLanguage":"es","potentialAction":[{"@type":"ReadAction","target":["https:\/\/www.lacubadebaco.com\/bodega\/politica-de-proteccion-de-datos\/"]}]},{"@type":"BreadcrumbList","@id":"https:\/\/www.lacubadebaco.com\/bodega\/politica-de-proteccion-de-datos\/#breadcrumb","itemListElement":[{"@type":"ListItem","position":1,"name":"Portada","item":"https:\/\/www.lacubadebaco.com\/bodega\/home-v8-frontpage-shop\/"},{"@type":"ListItem","position":2,"name":"Pol\u00edtica de protecci\u00f3n de datos"}]},{"@type":"WebSite","@id":"https:\/\/www.lacubadebaco.com\/bodega\/#website","url":"https:\/\/www.lacubadebaco.com\/bodega\/","name":"Comprar vino | Arag\u00f3n y Navarra | La Cuba de Baco","description":"Comprar vino de Arag\u00f3n | Comprar vino de Navarra | Tienda de vino online de Navarra  y Arag\u00f3n | La Cuba de Baco","publisher":{"@id":"https:\/\/www.lacubadebaco.com\/bodega\/#organization"},"potentialAction":[{"@type":"SearchAction","target":{"@type":"EntryPoint","urlTemplate":"https:\/\/www.lacubadebaco.com\/bodega\/?s={search_term_string}"},"query-input":{"@type":"PropertyValueSpecification","valueRequired":true,"valueName":"search_term_string"}}],"inLanguage":"es"},{"@type":"Organization","@id":"https:\/\/www.lacubadebaco.com\/bodega\/#organization","name":"La Cuba de Baco","url":"https:\/\/www.lacubadebaco.com\/bodega\/","logo":{"@type":"ImageObject","inLanguage":"es","@id":"https:\/\/www.lacubadebaco.com\/bodega\/#\/schema\/logo\/image\/","url":"https:\/\/www.lacubadebaco.com\/bodega\/wp-content\/uploads\/2014\/01\/logoslider.png","contentUrl":"https:\/\/www.lacubadebaco.com\/bodega\/wp-content\/uploads\/2014\/01\/logoslider.png","width":440,"height":256,"caption":"La Cuba de Baco"},"image":{"@id":"https:\/\/www.lacubadebaco.com\/bodega\/#\/schema\/logo\/image\/"}}]}},"_links":{"self":[{"href":"https:\/\/www.lacubadebaco.com\/bodega\/wp-json\/wp\/v2\/pages\/4234","targetHints":{"allow":["GET"]}}],"collection":[{"href":"https:\/\/www.lacubadebaco.com\/bodega\/wp-json\/wp\/v2\/pages"}],"about":[{"href":"https:\/\/www.lacubadebaco.com\/bodega\/wp-json\/wp\/v2\/types\/page"}],"author":[{"embeddable":true,"href":"https:\/\/www.lacubadebaco.com\/bodega\/wp-json\/wp\/v2\/users\/2"}],"replies":[{"embeddable":true,"href":"https:\/\/www.lacubadebaco.com\/bodega\/wp-json\/wp\/v2\/comments?post=4234"}],"version-history":[{"count":56,"href":"https:\/\/www.lacubadebaco.com\/bodega\/wp-json\/wp\/v2\/pages\/4234\/revisions"}],"predecessor-version":[{"id":7090,"href":"https:\/\/www.lacubadebaco.com\/bodega\/wp-json\/wp\/v2\/pages\/4234\/revisions\/7090"}],"wp:attachment":[{"href":"https:\/\/www.lacubadebaco.com\/bodega\/wp-json\/wp\/v2\/media?parent=4234"}],"curies":[{"name":"wp","href":"https:\/\/api.w.org\/{rel}","templated":true}]}}